{"id":1796,"date":"2026-04-24T10:23:30","date_gmt":"2026-04-24T14:23:30","guid":{"rendered":"https:\/\/socialenterprisenb.ca\/?page_id=1796"},"modified":"2026-04-28T15:10:49","modified_gmt":"2026-04-28T19:10:49","slug":"serie-dateliers-sur-lentreprise-sociale-2025-2026","status":"publish","type":"page","link":"https:\/\/socialenterprisenb.ca\/fr\/serie-dateliers-sur-lentreprise-sociale-2025-2026\/","title":{"rendered":"S\u00e9rie d&rsquo;ateliers sur l&rsquo;entreprise sociale 2025-2026"},"content":{"rendered":"<div class=\"fusion-fullwidth fullwidth-box fusion-builder-row-1 fusion-flex-container has-pattern-background has-mask-background nonhundred-percent-fullwidth non-hundred-percent-height-scrolling\" style=\"--awb-border-radius-top-left:0px;--awb-border-radius-top-right:0px;--awb-border-radius-bottom-right:0px;--awb-border-radius-bottom-left:0px;--awb-flex-wrap:wrap;\" ><div class=\"fusion-builder-row fusion-row fusion-flex-align-items-flex-start fusion-flex-content-wrap\" style=\"max-width:1248px;margin-left: calc(-4% \/ 2 );margin-right: calc(-4% \/ 2 );\"><div class=\"fusion-layout-column fusion_builder_column fusion-builder-column-0 fusion_builder_column_1_1 1_1 fusion-flex-column\" style=\"--awb-bg-size:cover;--awb-width-large:100%;--awb-margin-top-large:0px;--awb-spacing-right-large:1.92%;--awb-margin-bottom-large:20px;--awb-spacing-left-large:1.92%;--awb-width-medium:100%;--awb-order-medium:0;--awb-spacing-right-medium:1.92%;--awb-spacing-left-medium:1.92%;--awb-width-small:100%;--awb-order-small:0;--awb-spacing-right-small:1.92%;--awb-spacing-left-small:1.92%;\"><div class=\"fusion-column-wrapper fusion-column-has-shadow fusion-flex-justify-content-flex-start fusion-content-layout-column\"><div class=\"fusion-text fusion-text-1\" style=\"--awb-margin-top:50px;\"><p><strong>S\u00e9rie d&rsquo;ateliers sur l&rsquo;entreprise sociale 2025-2026<\/strong><\/p>\n<\/div><div class=\"fusion-text fusion-text-2 fusion-text-no-margin\" style=\"--awb-margin-bottom:20px;\"><p>Le Centre Pond-Deshpande de l\u2019Universit\u00e9 du Nouveau-Brunswick propose une <strong>s\u00e9rie d&rsquo;ateliers sur l&rsquo;entreprise sociale<\/strong> en partenariat avec les Commissions de services r\u00e9gionaux du Nouveau-Brunswick. Cette initiative est con\u00e7ue pour renforcer la capacit\u00e9 des organismes communautaires \u00e0 explorer et \u00e0 d\u00e9velopper des mod\u00e8les d&rsquo;entreprise sociale qui g\u00e9n\u00e8rent des revenus durables tout en favorisant un impact social et environnemental.<\/p>\n<\/div><div class=\"fusion-text fusion-text-3 fusion-text-no-margin\" style=\"--awb-margin-bottom:20px;\"><p>La s\u00e9rie comprend <strong>deux ateliers compl\u00e9mentaires<\/strong>. Le premier s&rsquo;adresse directement au personnel des Commissions de services r\u00e9gionaux, afin de les doter des outils et des cadres n\u00e9cessaires pour soutenir les organismes de leurs r\u00e9gions. Le second atelier est con\u00e7u pour les organismes \u00e0 <strong>but non lucratif, les organismes de bienfaisance et les organismes communautaires,<\/strong> offrant des conseils pratiques sur la fa\u00e7on dont l&rsquo;entreprise sociale peut aider \u00e0 diversifier le financement, \u00e0 renforcer les programmes et \u00e0 accro\u00eetre la durabilit\u00e9 \u00e0 long terme.<\/p>\n<\/div><div class=\"fusion-text fusion-text-4 fusion-text-no-margin\" style=\"--awb-margin-bottom:20px;\"><p>Les participants seront initi\u00e9s \u00e0 des outils pratiques, des exemples concrets et des consid\u00e9rations cl\u00e9s telles que l&rsquo;identification des opportunit\u00e9s d&rsquo;entreprise, l&rsquo;\u00e9valuation de la pr\u00e9paration organisationnelle et l&rsquo;alignement de la g\u00e9n\u00e9ration de revenus avec la mission. Les entreprises sociales appliquent des strat\u00e9gies commerciales pour cr\u00e9er une viabilit\u00e9 financi\u00e8re tout en r\u00e9investissant les profits pour faire progresser l&rsquo;impact social.<\/p>\n<\/div><div class=\"fusion-text fusion-text-5 fusion-text-no-margin\" style=\"--awb-margin-bottom:20px;\"><p>Les ateliers sont appuy\u00e9s par la <strong>Bo\u00eete \u00e0 outils sur l&rsquo;entreprise sociale du Centre Pond-Deshpande<\/strong>, un guide pratique \u00e9labor\u00e9 pour aider les organismes \u00e0 explorer, concevoir et lancer des initiatives d&rsquo;entreprise sociale. La bo\u00eete \u00e0 outils fournit des ressources \u00e9tape par \u00e9tape, des mod\u00e8les et des cadres pour soutenir les organismes \u00e0 diff\u00e9rentes \u00e9tapes de leur parcours.<\/p>\n<\/div><div class=\"fusion-text fusion-text-6\"><p><strong>T\u00e9l\u00e9chargez la bo\u00eete \u00e0 outils :<\/strong><\/p>\n<\/div><div class=\"fusion-image-element \" style=\"--awb-max-width:200px;--awb-caption-title-font-family:var(--h2_typography-font-family);--awb-caption-title-font-weight:var(--h2_typography-font-weight);--awb-caption-title-font-style:var(--h2_typography-font-style);--awb-caption-title-size:var(--h2_typography-font-size);--awb-caption-title-transform:var(--h2_typography-text-transform);--awb-caption-title-line-height:var(--h2_typography-line-height);--awb-caption-title-letter-spacing:var(--h2_typography-letter-spacing);\"><span class=\" fusion-imageframe imageframe-none imageframe-1 hover-type-none\"><a class=\"fusion-no-lightbox\" href=\"https:\/\/socialenterprisenb.ca\/wp-content\/uploads\/2026\/04\/FR-Social-Enterprise-Toolkit.pdf\" target=\"_blank\" aria-label=\"Social-Enterprise_Toolkit\" rel=\"noopener noreferrer\"><img decoding=\"async\" width=\"1298\" height=\"1826\" src=\"https:\/\/socialenterprisenb.ca\/wp-content\/uploads\/2026\/03\/Social-Enterprise_Toolkit.png\" alt class=\"img-responsive wp-image-1707\" srcset=\"https:\/\/socialenterprisenb.ca\/wp-content\/uploads\/2026\/03\/Social-Enterprise_Toolkit-200x281.png 200w, https:\/\/socialenterprisenb.ca\/wp-content\/uploads\/2026\/03\/Social-Enterprise_Toolkit-400x563.png 400w, https:\/\/socialenterprisenb.ca\/wp-content\/uploads\/2026\/03\/Social-Enterprise_Toolkit-600x844.png 600w, https:\/\/socialenterprisenb.ca\/wp-content\/uploads\/2026\/03\/Social-Enterprise_Toolkit-800x1125.png 800w, https:\/\/socialenterprisenb.ca\/wp-content\/uploads\/2026\/03\/Social-Enterprise_Toolkit-1200x1688.png 1200w, https:\/\/socialenterprisenb.ca\/wp-content\/uploads\/2026\/03\/Social-Enterprise_Toolkit.png 1298w\" sizes=\"(max-width: 640px) 100vw, 1200px\" \/><\/a><\/span><\/div><div class=\"fusion-text fusion-text-7\" style=\"--awb-margin-top:30px;\"><p>Gr\u00e2ce \u00e0 cette s\u00e9rie, le Centre Pond-Deshpande vise \u00e0 aider les communaut\u00e9s du Nouveau-Brunswick \u00e0 d\u00e9bloquer de nouvelles approches en mati\u00e8re de financement, d&rsquo;innovation et de d\u00e9veloppement \u00e9conomique local en renfor\u00e7ant l&rsquo;\u00e9cosyst\u00e8me croissant de l&rsquo;entreprise sociale de la province.<\/p>\n<\/div><\/div><\/div><\/div><\/div>\n","protected":false},"excerpt":{"rendered":"","protected":false},"author":8,"featured_media":0,"parent":0,"menu_order":0,"comment_status":"closed","ping_status":"closed","template":"100-width.php","meta":{"_monsterinsights_skip_tracking":false,"_monsterinsights_sitenote_active":false,"_monsterinsights_sitenote_note":"","_monsterinsights_sitenote_category":0,"footnotes":""},"class_list":["post-1796","page","type-page","status-publish","hentry"],"yoast_head":"<!-- This site is optimized with the Yoast SEO plugin v27.5 - https:\/\/yoast.com\/product\/yoast-seo-wordpress\/ -->\n<title>S\u00e9rie d&#039;ateliers sur l&#039;entreprise sociale 2025-2026 - Social Enterprise New Brunswick<\/title>\n<meta name=\"robots\" content=\"index, follow, max-snippet:-1, max-image-preview:large, max-video-preview:-1\" \/>\n<link rel=\"canonical\" href=\"https:\/\/socialenterprisenb.ca\/fr\/serie-dateliers-sur-lentreprise-sociale-2025-2026\/\" \/>\n<meta property=\"og:locale\" content=\"fr_FR\" \/>\n<meta property=\"og:type\" content=\"article\" \/>\n<meta property=\"og:title\" content=\"S\u00e9rie d&#039;ateliers sur l&#039;entreprise sociale 2025-2026 - Social Enterprise New Brunswick\" \/>\n<meta property=\"og:url\" content=\"https:\/\/socialenterprisenb.ca\/fr\/serie-dateliers-sur-lentreprise-sociale-2025-2026\/\" \/>\n<meta property=\"og:site_name\" content=\"Social Enterprise New Brunswick\" \/>\n<meta property=\"article:publisher\" content=\"https:\/\/www.facebook.com\/PondDeshpandeCentre\" \/>\n<meta property=\"article:modified_time\" content=\"2026-04-28T19:10:49+00:00\" \/>\n<meta name=\"twitter:card\" content=\"summary_large_image\" \/>\n<meta name=\"twitter:label1\" content=\"Dur\u00e9e de lecture estim\u00e9e\" \/>\n\t<meta name=\"twitter:data1\" content=\"2 minutes\" \/>\n<script type=\"application\/ld+json\" class=\"yoast-schema-graph\">{\"@context\":\"https:\\\/\\\/schema.org\",\"@graph\":[{\"@type\":\"WebPage\",\"@id\":\"https:\\\/\\\/socialenterprisenb.ca\\\/fr\\\/serie-dateliers-sur-lentreprise-sociale-2025-2026\\\/\",\"url\":\"https:\\\/\\\/socialenterprisenb.ca\\\/fr\\\/serie-dateliers-sur-lentreprise-sociale-2025-2026\\\/\",\"name\":\"S\u00e9rie d'ateliers sur l'entreprise sociale 2025-2026 - Social Enterprise New Brunswick\",\"isPartOf\":{\"@id\":\"https:\\\/\\\/socialenterprisenb.ca\\\/#website\"},\"datePublished\":\"2026-04-24T14:23:30+00:00\",\"dateModified\":\"2026-04-28T19:10:49+00:00\",\"breadcrumb\":{\"@id\":\"https:\\\/\\\/socialenterprisenb.ca\\\/fr\\\/serie-dateliers-sur-lentreprise-sociale-2025-2026\\\/#breadcrumb\"},\"inLanguage\":\"fr-FR\",\"potentialAction\":[{\"@type\":\"ReadAction\",\"target\":[\"https:\\\/\\\/socialenterprisenb.ca\\\/fr\\\/serie-dateliers-sur-lentreprise-sociale-2025-2026\\\/\"]}]},{\"@type\":\"BreadcrumbList\",\"@id\":\"https:\\\/\\\/socialenterprisenb.ca\\\/fr\\\/serie-dateliers-sur-lentreprise-sociale-2025-2026\\\/#breadcrumb\",\"itemListElement\":[{\"@type\":\"ListItem\",\"position\":1,\"name\":\"Home\",\"item\":\"https:\\\/\\\/socialenterprisenb.ca\\\/fr\\\/\"},{\"@type\":\"ListItem\",\"position\":2,\"name\":\"S\u00e9rie d&#8217;ateliers sur l&#8217;entreprise sociale 2025-2026\"}]},{\"@type\":\"WebSite\",\"@id\":\"https:\\\/\\\/socialenterprisenb.ca\\\/#website\",\"url\":\"https:\\\/\\\/socialenterprisenb.ca\\\/\",\"name\":\"Social Enterprise New Brunswick\",\"description\":\"Entreprise Sociale Nouveau-Brunswick\",\"publisher\":{\"@id\":\"https:\\\/\\\/socialenterprisenb.ca\\\/#organization\"},\"potentialAction\":[{\"@type\":\"SearchAction\",\"target\":{\"@type\":\"EntryPoint\",\"urlTemplate\":\"https:\\\/\\\/socialenterprisenb.ca\\\/?s={search_term_string}\"},\"query-input\":{\"@type\":\"PropertyValueSpecification\",\"valueRequired\":true,\"valueName\":\"search_term_string\"}}],\"inLanguage\":\"fr-FR\"},{\"@type\":\"Organization\",\"@id\":\"https:\\\/\\\/socialenterprisenb.ca\\\/#organization\",\"name\":\"Pond Deshpande Center\",\"url\":\"https:\\\/\\\/socialenterprisenb.ca\\\/\",\"logo\":{\"@type\":\"ImageObject\",\"inLanguage\":\"fr-FR\",\"@id\":\"https:\\\/\\\/socialenterprisenb.ca\\\/#\\\/schema\\\/logo\\\/image\\\/\",\"url\":\"https:\\\/\\\/socialenterprisenb.ca\\\/wp-content\\\/uploads\\\/2023\\\/01\\\/PDC_Logo-01-1-e1674402763223.png\",\"contentUrl\":\"https:\\\/\\\/socialenterprisenb.ca\\\/wp-content\\\/uploads\\\/2023\\\/01\\\/PDC_Logo-01-1-e1674402763223.png\",\"width\":1274,\"height\":408,\"caption\":\"Pond Deshpande Center\"},\"image\":{\"@id\":\"https:\\\/\\\/socialenterprisenb.ca\\\/#\\\/schema\\\/logo\\\/image\\\/\"},\"sameAs\":[\"https:\\\/\\\/www.facebook.com\\\/PondDeshpandeCentre\"]}]}<\/script>\n<!-- \/ Yoast SEO plugin. -->","yoast_head_json":{"title":"S\u00e9rie d'ateliers sur l'entreprise sociale 2025-2026 - Social Enterprise New Brunswick","robots":{"index":"index","follow":"follow","max-snippet":"max-snippet:-1","max-image-preview":"max-image-preview:large","max-video-preview":"max-video-preview:-1"},"canonical":"https:\/\/socialenterprisenb.ca\/fr\/serie-dateliers-sur-lentreprise-sociale-2025-2026\/","og_locale":"fr_FR","og_type":"article","og_title":"S\u00e9rie d'ateliers sur l'entreprise sociale 2025-2026 - Social Enterprise New Brunswick","og_url":"https:\/\/socialenterprisenb.ca\/fr\/serie-dateliers-sur-lentreprise-sociale-2025-2026\/","og_site_name":"Social Enterprise New Brunswick","article_publisher":"https:\/\/www.facebook.com\/PondDeshpandeCentre","article_modified_time":"2026-04-28T19:10:49+00:00","twitter_card":"summary_large_image","twitter_misc":{"Dur\u00e9e de lecture estim\u00e9e":"2 minutes"},"schema":{"@context":"https:\/\/schema.org","@graph":[{"@type":"WebPage","@id":"https:\/\/socialenterprisenb.ca\/fr\/serie-dateliers-sur-lentreprise-sociale-2025-2026\/","url":"https:\/\/socialenterprisenb.ca\/fr\/serie-dateliers-sur-lentreprise-sociale-2025-2026\/","name":"S\u00e9rie d'ateliers sur l'entreprise sociale 2025-2026 - Social Enterprise New Brunswick","isPartOf":{"@id":"https:\/\/socialenterprisenb.ca\/#website"},"datePublished":"2026-04-24T14:23:30+00:00","dateModified":"2026-04-28T19:10:49+00:00","breadcrumb":{"@id":"https:\/\/socialenterprisenb.ca\/fr\/serie-dateliers-sur-lentreprise-sociale-2025-2026\/#breadcrumb"},"inLanguage":"fr-FR","potentialAction":[{"@type":"ReadAction","target":["https:\/\/socialenterprisenb.ca\/fr\/serie-dateliers-sur-lentreprise-sociale-2025-2026\/"]}]},{"@type":"BreadcrumbList","@id":"https:\/\/socialenterprisenb.ca\/fr\/serie-dateliers-sur-lentreprise-sociale-2025-2026\/#breadcrumb","itemListElement":[{"@type":"ListItem","position":1,"name":"Home","item":"https:\/\/socialenterprisenb.ca\/fr\/"},{"@type":"ListItem","position":2,"name":"S\u00e9rie d&#8217;ateliers sur l&#8217;entreprise sociale 2025-2026"}]},{"@type":"WebSite","@id":"https:\/\/socialenterprisenb.ca\/#website","url":"https:\/\/socialenterprisenb.ca\/","name":"Social Enterprise New Brunswick","description":"Entreprise Sociale Nouveau-Brunswick","publisher":{"@id":"https:\/\/socialenterprisenb.ca\/#organization"},"potentialAction":[{"@type":"SearchAction","target":{"@type":"EntryPoint","urlTemplate":"https:\/\/socialenterprisenb.ca\/?s={search_term_string}"},"query-input":{"@type":"PropertyValueSpecification","valueRequired":true,"valueName":"search_term_string"}}],"inLanguage":"fr-FR"},{"@type":"Organization","@id":"https:\/\/socialenterprisenb.ca\/#organization","name":"Pond Deshpande Center","url":"https:\/\/socialenterprisenb.ca\/","logo":{"@type":"ImageObject","inLanguage":"fr-FR","@id":"https:\/\/socialenterprisenb.ca\/#\/schema\/logo\/image\/","url":"https:\/\/socialenterprisenb.ca\/wp-content\/uploads\/2023\/01\/PDC_Logo-01-1-e1674402763223.png","contentUrl":"https:\/\/socialenterprisenb.ca\/wp-content\/uploads\/2023\/01\/PDC_Logo-01-1-e1674402763223.png","width":1274,"height":408,"caption":"Pond Deshpande Center"},"image":{"@id":"https:\/\/socialenterprisenb.ca\/#\/schema\/logo\/image\/"},"sameAs":["https:\/\/www.facebook.com\/PondDeshpandeCentre"]}]}},"_links":{"self":[{"href":"https:\/\/socialenterprisenb.ca\/fr\/wp-json\/wp\/v2\/pages\/1796","targetHints":{"allow":["GET"]}}],"collection":[{"href":"https:\/\/socialenterprisenb.ca\/fr\/wp-json\/wp\/v2\/pages"}],"about":[{"href":"https:\/\/socialenterprisenb.ca\/fr\/wp-json\/wp\/v2\/types\/page"}],"author":[{"embeddable":true,"href":"https:\/\/socialenterprisenb.ca\/fr\/wp-json\/wp\/v2\/users\/8"}],"replies":[{"embeddable":true,"href":"https:\/\/socialenterprisenb.ca\/fr\/wp-json\/wp\/v2\/comments?post=1796"}],"version-history":[{"count":5,"href":"https:\/\/socialenterprisenb.ca\/fr\/wp-json\/wp\/v2\/pages\/1796\/revisions"}],"predecessor-version":[{"id":1849,"href":"https:\/\/socialenterprisenb.ca\/fr\/wp-json\/wp\/v2\/pages\/1796\/revisions\/1849"}],"wp:attachment":[{"href":"https:\/\/socialenterprisenb.ca\/fr\/wp-json\/wp\/v2\/media?parent=1796"}],"curies":[{"name":"wp","href":"https:\/\/api.w.org\/{rel}","templated":true}]}}