{"id":1816,"date":"2026-04-24T10:32:32","date_gmt":"2026-04-24T14:32:32","guid":{"rendered":"https:\/\/socialenterprisenb.ca\/?page_id=1816"},"modified":"2026-04-29T14:24:52","modified_gmt":"2026-04-29T18:24:52","slug":"symposium-sur-lentreprise-sociale-2026","status":"publish","type":"page","link":"https:\/\/socialenterprisenb.ca\/fr\/symposium-sur-lentreprise-sociale-2026\/","title":{"rendered":"Symposium sur l\u2019entreprise sociale 2026"},"content":{"rendered":"<div class=\"fusion-fullwidth fullwidth-box fusion-builder-row-1 fusion-flex-container has-pattern-background has-mask-background nonhundred-percent-fullwidth non-hundred-percent-height-scrolling\" style=\"--awb-border-radius-top-left:0px;--awb-border-radius-top-right:0px;--awb-border-radius-bottom-right:0px;--awb-border-radius-bottom-left:0px;--awb-flex-wrap:wrap;\" ><div class=\"fusion-builder-row fusion-row fusion-flex-align-items-flex-start fusion-flex-content-wrap\" style=\"max-width:1248px;margin-left: calc(-4% \/ 2 );margin-right: calc(-4% \/ 2 );\"><div class=\"fusion-layout-column fusion_builder_column fusion-builder-column-0 fusion_builder_column_1_1 1_1 fusion-flex-column\" style=\"--awb-bg-size:cover;--awb-width-large:100%;--awb-margin-top-large:0px;--awb-spacing-right-large:1.92%;--awb-margin-bottom-large:20px;--awb-spacing-left-large:1.92%;--awb-width-medium:100%;--awb-order-medium:0;--awb-spacing-right-medium:1.92%;--awb-spacing-left-medium:1.92%;--awb-width-small:100%;--awb-order-small:0;--awb-spacing-right-small:1.92%;--awb-spacing-left-small:1.92%;\"><div class=\"fusion-column-wrapper fusion-column-has-shadow fusion-flex-justify-content-flex-start fusion-content-layout-column\"><div class=\"fusion-text fusion-text-1\" style=\"--awb-margin-top:50px;\"><p>Le 3e <strong>Symposium sur l&rsquo;entreprise sociale<\/strong> rassemble des leaders et des acteurs de changement engag\u00e9s dans l&rsquo;avancement de l&rsquo;entreprise sociale au Nouveau-Brunswick. L&rsquo;\u00e9v\u00e9nement d\u00e9bute par une <strong>r\u00e9ception de bienvenue le 21<\/strong> mai, suivie d&rsquo;une conf\u00e9rence d&rsquo;<strong>une journ\u00e9e compl\u00e8te le 22 mai<\/strong>. Les entreprises sociales continuent de relever des d\u00e9fis communautaires complexes, en cr\u00e9ant des emplois de qualit\u00e9, en renfor\u00e7ant les \u00e9conomies locales et en produisant un impact social et environnemental durable.<\/p>\n<p>Organis\u00e9 par le <strong>Centre Pond-Deshpand<\/strong>e, ce symposium de deux jours r\u00e9unira des praticiens, des d\u00e9cideurs politiques, des bailleurs de fonds et des partenaires de l&rsquo;\u00e9cosyst\u00e8me pour engager un dialogue opportun et un apprentissage pratique ax\u00e9 sur le renforcement, la mise \u00e0 l&rsquo;\u00e9chelle et le soutien de mod\u00e8les d&rsquo;affaires ax\u00e9s sur la mission, tant au niveau r\u00e9gional que provincial.<\/p>\n<\/p>\n<p><b><img decoding=\"async\" class=\"emoji\" role=\"img\" draggable=\"false\" src=\"https:\/\/s.w.org\/images\/core\/emoji\/17.0.2\/svg\/1f4c5.svg\" alt=\"\ud83d\udcc5\"><\/b><strong>Date et lieu :<\/strong> 21-22 mai 2026<\/p>\n<p><b><img decoding=\"async\" class=\"emoji\" role=\"img\" draggable=\"false\" src=\"https:\/\/s.w.org\/images\/core\/emoji\/17.0.2\/svg\/1f4cd.svg\" alt=\"\ud83d\udccd\"><\/b><strong>Centre des arts et de la culture de Dieppe, Dieppe, N.-B.<\/strong><\/p>\n<\/div><div ><a class=\"fusion-button button-flat fusion-button-default-size button-default fusion-button-default button-1 fusion-button-default-span fusion-button-default-type\" style=\"--awb-margin-top:50px;--awb-margin-bottom:40px;\" target=\"_self\" href=\"https:\/\/site.pheedloop.com\/event\/3SES\/home\"><span class=\"fusion-button-text awb-button__text awb-button__text--default\">Rejoignez-nous<\/span><\/a><\/div><div class=\"fusion-title title fusion-title-1 fusion-sep-none fusion-title-text fusion-title-size-two\" style=\"--awb-margin-top-small:10px;--awb-margin-right-small:0px;--awb-margin-bottom-small:10px;--awb-margin-left-small:0px;\"><h2 class=\"fusion-title-heading title-heading-left\" style=\"margin:0;\">Ordre du Jour:<\/h2><\/div><\/div><\/div><div class=\"fusion-layout-column fusion_builder_column fusion-builder-column-1 fusion_builder_column_1_4 1_4 fusion-flex-column\" style=\"--awb-bg-size:cover;--awb-width-large:25%;--awb-margin-top-large:0px;--awb-spacing-right-large:7.68%;--awb-margin-bottom-large:20px;--awb-spacing-left-large:7.68%;--awb-width-medium:25%;--awb-order-medium:0;--awb-spacing-right-medium:7.68%;--awb-spacing-left-medium:7.68%;--awb-width-small:100%;--awb-order-small:0;--awb-spacing-right-small:1.92%;--awb-spacing-left-small:1.92%;\"><div class=\"fusion-column-wrapper fusion-column-has-shadow fusion-flex-justify-content-flex-start fusion-content-layout-column\"><div class=\"fusion-image-element \" style=\"--awb-max-width:300px;--awb-caption-title-font-family:var(--h2_typography-font-family);--awb-caption-title-font-weight:var(--h2_typography-font-weight);--awb-caption-title-font-style:var(--h2_typography-font-style);--awb-caption-title-size:var(--h2_typography-font-size);--awb-caption-title-transform:var(--h2_typography-text-transform);--awb-caption-title-line-height:var(--h2_typography-line-height);--awb-caption-title-letter-spacing:var(--h2_typography-letter-spacing);\"><span class=\" fusion-imageframe imageframe-none imageframe-1 hover-type-none\"><a href=\"https:\/\/socialenterprisenb.ca\/wp-content\/uploads\/2026\/04\/FR-Reception-Experience.png\" class=\"fusion-lightbox\" data-rel=\"iLightbox[dc54b2c79b884347bbd]\" data-title=\"FR Reception Experience\" title=\"FR Reception Experience\"><img decoding=\"async\" width=\"1080\" height=\"1350\" src=\"https:\/\/socialenterprisenb.ca\/wp-content\/uploads\/2026\/04\/FR-Reception-Experience.png\" alt class=\"img-responsive wp-image-1866\" srcset=\"https:\/\/socialenterprisenb.ca\/wp-content\/uploads\/2026\/04\/FR-Reception-Experience-200x250.png 200w, https:\/\/socialenterprisenb.ca\/wp-content\/uploads\/2026\/04\/FR-Reception-Experience-400x500.png 400w, https:\/\/socialenterprisenb.ca\/wp-content\/uploads\/2026\/04\/FR-Reception-Experience-600x750.png 600w, https:\/\/socialenterprisenb.ca\/wp-content\/uploads\/2026\/04\/FR-Reception-Experience-800x1000.png 800w, https:\/\/socialenterprisenb.ca\/wp-content\/uploads\/2026\/04\/FR-Reception-Experience.png 1080w\" sizes=\"(max-width: 640px) 100vw, 400px\" \/><\/a><\/span><\/div><\/div><\/div><div class=\"fusion-layout-column fusion_builder_column fusion-builder-column-2 fusion_builder_column_1_4 1_4 fusion-flex-column\" style=\"--awb-bg-size:cover;--awb-width-large:25%;--awb-margin-top-large:0px;--awb-spacing-right-large:7.68%;--awb-margin-bottom-large:20px;--awb-spacing-left-large:7.68%;--awb-width-medium:25%;--awb-order-medium:0;--awb-spacing-right-medium:7.68%;--awb-spacing-left-medium:7.68%;--awb-width-small:100%;--awb-order-small:0;--awb-spacing-right-small:1.92%;--awb-spacing-left-small:1.92%;\"><div class=\"fusion-column-wrapper fusion-column-has-shadow fusion-flex-justify-content-flex-start fusion-content-layout-column\"><div class=\"fusion-image-element \" style=\"--awb-max-width:300px;--awb-caption-title-font-family:var(--h2_typography-font-family);--awb-caption-title-font-weight:var(--h2_typography-font-weight);--awb-caption-title-font-style:var(--h2_typography-font-style);--awb-caption-title-size:var(--h2_typography-font-size);--awb-caption-title-transform:var(--h2_typography-text-transform);--awb-caption-title-line-height:var(--h2_typography-line-height);--awb-caption-title-letter-spacing:var(--h2_typography-letter-spacing);\"><span class=\" fusion-imageframe imageframe-none imageframe-2 hover-type-none\"><a href=\"https:\/\/socialenterprisenb.ca\/wp-content\/uploads\/2026\/04\/Symposium-Agenda-FR.png\" class=\"fusion-lightbox\" data-rel=\"iLightbox[a85802bf286d36b80df]\" data-title=\"Symposium Agenda FR\" title=\"Symposium Agenda FR\"><img decoding=\"async\" width=\"1080\" height=\"1350\" src=\"https:\/\/socialenterprisenb.ca\/wp-content\/uploads\/2026\/04\/Symposium-Agenda-FR.png\" alt class=\"img-responsive wp-image-1864\" srcset=\"https:\/\/socialenterprisenb.ca\/wp-content\/uploads\/2026\/04\/Symposium-Agenda-FR-200x250.png 200w, https:\/\/socialenterprisenb.ca\/wp-content\/uploads\/2026\/04\/Symposium-Agenda-FR-400x500.png 400w, https:\/\/socialenterprisenb.ca\/wp-content\/uploads\/2026\/04\/Symposium-Agenda-FR-600x750.png 600w, https:\/\/socialenterprisenb.ca\/wp-content\/uploads\/2026\/04\/Symposium-Agenda-FR-800x1000.png 800w, https:\/\/socialenterprisenb.ca\/wp-content\/uploads\/2026\/04\/Symposium-Agenda-FR.png 1080w\" sizes=\"(max-width: 640px) 100vw, 400px\" \/><\/a><\/span><\/div><\/div><\/div><div class=\"fusion-layout-column fusion_builder_column fusion-builder-column-3 fusion_builder_column_1_1 1_1 fusion-flex-column\" style=\"--awb-bg-size:cover;--awb-width-large:100%;--awb-margin-top-large:50px;--awb-spacing-right-large:1.92%;--awb-margin-bottom-large:20px;--awb-spacing-left-large:1.92%;--awb-width-medium:100%;--awb-order-medium:0;--awb-spacing-right-medium:1.92%;--awb-spacing-left-medium:1.92%;--awb-width-small:100%;--awb-order-small:0;--awb-spacing-right-small:1.92%;--awb-spacing-left-small:1.92%;\"><div class=\"fusion-column-wrapper fusion-column-has-shadow fusion-flex-justify-content-flex-start fusion-content-layout-column\"><div class=\"fusion-title title fusion-title-2 fusion-sep-none fusion-title-text fusion-title-size-two\" style=\"--awb-margin-top-small:10px;--awb-margin-right-small:0px;--awb-margin-bottom-small:10px;--awb-margin-left-small:0px;\"><h2 class=\"fusion-title-heading title-heading-left\" style=\"margin:0;\">Conf\u00e9rencier:<\/h2><\/div><div class=\"fusion-image-carousel fusion-image-carousel-auto fusion-image-carousel-1 lightbox-enabled\"><div class=\"awb-carousel awb-swiper awb-swiper-carousel awb-carousel--carousel awb-swiper-dots-position-bottom\" data-layout=\"carousel\" data-autoplay=\"no\" data-autoplayspeed=\"2500\" data-autoplaypause=\"no\" data-loop=\"yes\" data-columns=\"5\" data-columnsmedium=\"1\" data-columnssmall=\"1\" data-itemmargin=\"13\" data-itemwidth=\"180\" data-touchscroll=\"no\" data-freemode=\"no\" data-imagesize=\"auto\" data-scrollitems=\"0\" data-scrollitems-medium=\"0\" data-scrollitems-small=\"0\" data-centeredslides=\"no\" data-rotationangle=\"50\" data-depth=\"100\" data-speed=\"500\" data-shadow=\"no\" data-pagination=\"bullets\" style=\"--awb-dots-align:center;\"><div class=\"swiper-wrapper awb-image-carousel-wrapper fusion-flex-align-items-center\"><div class=\"swiper-slide\"><div class=\"fusion-carousel-item-wrapper\"><div class=\"fusion-image-wrapper hover-type-none\"><a data-rel=\"iLightbox[image_carousel_1]\" data-title=\"Laura FR\" aria-label=\"Laura FR\" href=\"https:\/\/socialenterprisenb.ca\/wp-content\/uploads\/2026\/04\/Laura-FR.png\" target=\"_self\"><img decoding=\"async\" width=\"1080\" height=\"1350\" src=\"https:\/\/socialenterprisenb.ca\/wp-content\/uploads\/2026\/04\/Laura-FR.png\" class=\"attachment-full size-full\" alt=\"\" srcset=\"https:\/\/socialenterprisenb.ca\/wp-content\/uploads\/2026\/04\/Laura-FR-200x250.png 200w, https:\/\/socialenterprisenb.ca\/wp-content\/uploads\/2026\/04\/Laura-FR-400x500.png 400w, https:\/\/socialenterprisenb.ca\/wp-content\/uploads\/2026\/04\/Laura-FR-600x750.png 600w, https:\/\/socialenterprisenb.ca\/wp-content\/uploads\/2026\/04\/Laura-FR-800x1000.png 800w, https:\/\/socialenterprisenb.ca\/wp-content\/uploads\/2026\/04\/Laura-FR.png 1080w\" sizes=\"(min-width: 2200px) 100vw, (min-width: 856px) 290px, (min-width: 784px) 387px, (min-width: 712px) 581px, (min-width: 640px) 712px, \" \/><\/a><\/div><\/div><\/div><div class=\"swiper-slide\"><div class=\"fusion-carousel-item-wrapper\"><div class=\"fusion-image-wrapper hover-type-none\"><a data-rel=\"iLightbox[image_carousel_1]\" data-title=\"Monique FR\" aria-label=\"Monique FR\" href=\"https:\/\/socialenterprisenb.ca\/wp-content\/uploads\/2026\/04\/Monique-FR.png\" target=\"_self\"><img decoding=\"async\" width=\"1080\" height=\"1350\" src=\"https:\/\/socialenterprisenb.ca\/wp-content\/uploads\/2026\/04\/Monique-FR.png\" class=\"attachment-full size-full\" alt=\"\" srcset=\"https:\/\/socialenterprisenb.ca\/wp-content\/uploads\/2026\/04\/Monique-FR-200x250.png 200w, https:\/\/socialenterprisenb.ca\/wp-content\/uploads\/2026\/04\/Monique-FR-400x500.png 400w, https:\/\/socialenterprisenb.ca\/wp-content\/uploads\/2026\/04\/Monique-FR-600x750.png 600w, https:\/\/socialenterprisenb.ca\/wp-content\/uploads\/2026\/04\/Monique-FR-800x1000.png 800w, https:\/\/socialenterprisenb.ca\/wp-content\/uploads\/2026\/04\/Monique-FR.png 1080w\" sizes=\"(min-width: 2200px) 100vw, (min-width: 856px) 290px, (min-width: 784px) 387px, (min-width: 712px) 581px, (min-width: 640px) 712px, \" \/><\/a><\/div><\/div><\/div><div class=\"swiper-slide\"><div class=\"fusion-carousel-item-wrapper\"><div class=\"fusion-image-wrapper hover-type-none\"><a data-rel=\"iLightbox[image_carousel_1]\" data-title=\"Kelly FR\" aria-label=\"Kelly FR\" href=\"https:\/\/socialenterprisenb.ca\/wp-content\/uploads\/2026\/04\/Kelly-FR.png\" target=\"_self\"><img decoding=\"async\" width=\"1080\" height=\"1350\" src=\"https:\/\/socialenterprisenb.ca\/wp-content\/uploads\/2026\/04\/Kelly-FR.png\" class=\"attachment-full size-full\" alt=\"\" srcset=\"https:\/\/socialenterprisenb.ca\/wp-content\/uploads\/2026\/04\/Kelly-FR-200x250.png 200w, https:\/\/socialenterprisenb.ca\/wp-content\/uploads\/2026\/04\/Kelly-FR-400x500.png 400w, https:\/\/socialenterprisenb.ca\/wp-content\/uploads\/2026\/04\/Kelly-FR-600x750.png 600w, https:\/\/socialenterprisenb.ca\/wp-content\/uploads\/2026\/04\/Kelly-FR-800x1000.png 800w, https:\/\/socialenterprisenb.ca\/wp-content\/uploads\/2026\/04\/Kelly-FR.png 1080w\" sizes=\"(min-width: 2200px) 100vw, (min-width: 856px) 290px, (min-width: 784px) 387px, (min-width: 712px) 581px, (min-width: 640px) 712px, \" \/><\/a><\/div><\/div><\/div><div class=\"swiper-slide\"><div class=\"fusion-carousel-item-wrapper\"><div class=\"fusion-image-wrapper hover-type-none\"><a data-rel=\"iLightbox[image_carousel_1]\" data-title=\"Celina FR\" aria-label=\"Celina FR\" href=\"https:\/\/socialenterprisenb.ca\/wp-content\/uploads\/2026\/04\/Celina-FR.png\" target=\"_self\"><img decoding=\"async\" width=\"1080\" height=\"1350\" src=\"https:\/\/socialenterprisenb.ca\/wp-content\/uploads\/2026\/04\/Celina-FR.png\" class=\"attachment-full size-full\" alt=\"\" srcset=\"https:\/\/socialenterprisenb.ca\/wp-content\/uploads\/2026\/04\/Celina-FR-200x250.png 200w, https:\/\/socialenterprisenb.ca\/wp-content\/uploads\/2026\/04\/Celina-FR-400x500.png 400w, https:\/\/socialenterprisenb.ca\/wp-content\/uploads\/2026\/04\/Celina-FR-600x750.png 600w, https:\/\/socialenterprisenb.ca\/wp-content\/uploads\/2026\/04\/Celina-FR-800x1000.png 800w, https:\/\/socialenterprisenb.ca\/wp-content\/uploads\/2026\/04\/Celina-FR.png 1080w\" sizes=\"(min-width: 2200px) 100vw, (min-width: 856px) 290px, (min-width: 784px) 387px, (min-width: 712px) 581px, (min-width: 640px) 712px, \" \/><\/a><\/div><\/div><\/div><\/div><div class=\"awb-swiper-button awb-swiper-button-prev\"><i class=\"awb-icon-angle-left\" aria-hidden=\"true\"><\/i><\/div><div class=\"awb-swiper-button awb-swiper-button-next\"><i class=\"awb-icon-angle-right\" aria-hidden=\"true\"><\/i><\/div><\/div><\/div><\/div><\/div><\/div><\/div>\n","protected":false},"excerpt":{"rendered":"","protected":false},"author":8,"featured_media":0,"parent":0,"menu_order":0,"comment_status":"closed","ping_status":"closed","template":"","meta":{"_monsterinsights_skip_tracking":false,"_monsterinsights_sitenote_active":false,"_monsterinsights_sitenote_note":"","_monsterinsights_sitenote_category":0,"footnotes":""},"class_list":["post-1816","page","type-page","status-publish","hentry"],"yoast_head":"<!-- This site is optimized with the Yoast SEO plugin v27.5 - https:\/\/yoast.com\/product\/yoast-seo-wordpress\/ -->\n<title>Symposium sur l\u2019entreprise sociale 2026 - Social Enterprise New Brunswick<\/title>\n<meta name=\"robots\" content=\"index, follow, max-snippet:-1, max-image-preview:large, max-video-preview:-1\" \/>\n<link rel=\"canonical\" href=\"https:\/\/socialenterprisenb.ca\/fr\/symposium-sur-lentreprise-sociale-2026\/\" \/>\n<meta property=\"og:locale\" content=\"fr_FR\" \/>\n<meta property=\"og:type\" content=\"article\" \/>\n<meta property=\"og:title\" content=\"Symposium sur l\u2019entreprise sociale 2026 - Social Enterprise New Brunswick\" \/>\n<meta property=\"og:url\" content=\"https:\/\/socialenterprisenb.ca\/fr\/symposium-sur-lentreprise-sociale-2026\/\" \/>\n<meta property=\"og:site_name\" content=\"Social Enterprise New Brunswick\" \/>\n<meta property=\"article:publisher\" content=\"https:\/\/www.facebook.com\/PondDeshpandeCentre\" \/>\n<meta property=\"article:modified_time\" content=\"2026-04-29T18:24:52+00:00\" \/>\n<meta property=\"og:image\" content=\"https:\/\/s.w.org\/images\/core\/emoji\/17.0.2\/svg\/1f4c5.svg\" \/>\n<meta name=\"twitter:card\" content=\"summary_large_image\" \/>\n<script type=\"application\/ld+json\" class=\"yoast-schema-graph\">{\"@context\":\"https:\\\/\\\/schema.org\",\"@graph\":[{\"@type\":\"WebPage\",\"@id\":\"https:\\\/\\\/socialenterprisenb.ca\\\/fr\\\/symposium-sur-lentreprise-sociale-2026\\\/\",\"url\":\"https:\\\/\\\/socialenterprisenb.ca\\\/fr\\\/symposium-sur-lentreprise-sociale-2026\\\/\",\"name\":\"Symposium sur l\u2019entreprise sociale 2026 - Social Enterprise New Brunswick\",\"isPartOf\":{\"@id\":\"https:\\\/\\\/socialenterprisenb.ca\\\/#website\"},\"primaryImageOfPage\":{\"@id\":\"https:\\\/\\\/socialenterprisenb.ca\\\/fr\\\/symposium-sur-lentreprise-sociale-2026\\\/#primaryimage\"},\"image\":{\"@id\":\"https:\\\/\\\/socialenterprisenb.ca\\\/fr\\\/symposium-sur-lentreprise-sociale-2026\\\/#primaryimage\"},\"thumbnailUrl\":\"https:\\\/\\\/s.w.org\\\/images\\\/core\\\/emoji\\\/17.0.2\\\/svg\\\/1f4c5.svg\",\"datePublished\":\"2026-04-24T14:32:32+00:00\",\"dateModified\":\"2026-04-29T18:24:52+00:00\",\"breadcrumb\":{\"@id\":\"https:\\\/\\\/socialenterprisenb.ca\\\/fr\\\/symposium-sur-lentreprise-sociale-2026\\\/#breadcrumb\"},\"inLanguage\":\"fr-FR\",\"potentialAction\":[{\"@type\":\"ReadAction\",\"target\":[\"https:\\\/\\\/socialenterprisenb.ca\\\/fr\\\/symposium-sur-lentreprise-sociale-2026\\\/\"]}]},{\"@type\":\"ImageObject\",\"inLanguage\":\"fr-FR\",\"@id\":\"https:\\\/\\\/socialenterprisenb.ca\\\/fr\\\/symposium-sur-lentreprise-sociale-2026\\\/#primaryimage\",\"url\":\"https:\\\/\\\/s.w.org\\\/images\\\/core\\\/emoji\\\/17.0.2\\\/svg\\\/1f4c5.svg\",\"contentUrl\":\"https:\\\/\\\/s.w.org\\\/images\\\/core\\\/emoji\\\/17.0.2\\\/svg\\\/1f4c5.svg\"},{\"@type\":\"BreadcrumbList\",\"@id\":\"https:\\\/\\\/socialenterprisenb.ca\\\/fr\\\/symposium-sur-lentreprise-sociale-2026\\\/#breadcrumb\",\"itemListElement\":[{\"@type\":\"ListItem\",\"position\":1,\"name\":\"Home\",\"item\":\"https:\\\/\\\/socialenterprisenb.ca\\\/fr\\\/\"},{\"@type\":\"ListItem\",\"position\":2,\"name\":\"Symposium sur l\u2019entreprise sociale 2026\"}]},{\"@type\":\"WebSite\",\"@id\":\"https:\\\/\\\/socialenterprisenb.ca\\\/#website\",\"url\":\"https:\\\/\\\/socialenterprisenb.ca\\\/\",\"name\":\"Social Enterprise New Brunswick\",\"description\":\"Entreprise Sociale Nouveau-Brunswick\",\"publisher\":{\"@id\":\"https:\\\/\\\/socialenterprisenb.ca\\\/#organization\"},\"potentialAction\":[{\"@type\":\"SearchAction\",\"target\":{\"@type\":\"EntryPoint\",\"urlTemplate\":\"https:\\\/\\\/socialenterprisenb.ca\\\/?s={search_term_string}\"},\"query-input\":{\"@type\":\"PropertyValueSpecification\",\"valueRequired\":true,\"valueName\":\"search_term_string\"}}],\"inLanguage\":\"fr-FR\"},{\"@type\":\"Organization\",\"@id\":\"https:\\\/\\\/socialenterprisenb.ca\\\/#organization\",\"name\":\"Pond Deshpande Center\",\"url\":\"https:\\\/\\\/socialenterprisenb.ca\\\/\",\"logo\":{\"@type\":\"ImageObject\",\"inLanguage\":\"fr-FR\",\"@id\":\"https:\\\/\\\/socialenterprisenb.ca\\\/#\\\/schema\\\/logo\\\/image\\\/\",\"url\":\"https:\\\/\\\/socialenterprisenb.ca\\\/wp-content\\\/uploads\\\/2023\\\/01\\\/PDC_Logo-01-1-e1674402763223.png\",\"contentUrl\":\"https:\\\/\\\/socialenterprisenb.ca\\\/wp-content\\\/uploads\\\/2023\\\/01\\\/PDC_Logo-01-1-e1674402763223.png\",\"width\":1274,\"height\":408,\"caption\":\"Pond Deshpande Center\"},\"image\":{\"@id\":\"https:\\\/\\\/socialenterprisenb.ca\\\/#\\\/schema\\\/logo\\\/image\\\/\"},\"sameAs\":[\"https:\\\/\\\/www.facebook.com\\\/PondDeshpandeCentre\"]}]}<\/script>\n<!-- \/ Yoast SEO plugin. -->","yoast_head_json":{"title":"Symposium sur l\u2019entreprise sociale 2026 - Social Enterprise New Brunswick","robots":{"index":"index","follow":"follow","max-snippet":"max-snippet:-1","max-image-preview":"max-image-preview:large","max-video-preview":"max-video-preview:-1"},"canonical":"https:\/\/socialenterprisenb.ca\/fr\/symposium-sur-lentreprise-sociale-2026\/","og_locale":"fr_FR","og_type":"article","og_title":"Symposium sur l\u2019entreprise sociale 2026 - Social Enterprise New Brunswick","og_url":"https:\/\/socialenterprisenb.ca\/fr\/symposium-sur-lentreprise-sociale-2026\/","og_site_name":"Social Enterprise New Brunswick","article_publisher":"https:\/\/www.facebook.com\/PondDeshpandeCentre","article_modified_time":"2026-04-29T18:24:52+00:00","og_image":[{"url":"https:\/\/s.w.org\/images\/core\/emoji\/17.0.2\/svg\/1f4c5.svg","type":"","width":"","height":""}],"twitter_card":"summary_large_image","schema":{"@context":"https:\/\/schema.org","@graph":[{"@type":"WebPage","@id":"https:\/\/socialenterprisenb.ca\/fr\/symposium-sur-lentreprise-sociale-2026\/","url":"https:\/\/socialenterprisenb.ca\/fr\/symposium-sur-lentreprise-sociale-2026\/","name":"Symposium sur l\u2019entreprise sociale 2026 - Social Enterprise New Brunswick","isPartOf":{"@id":"https:\/\/socialenterprisenb.ca\/#website"},"primaryImageOfPage":{"@id":"https:\/\/socialenterprisenb.ca\/fr\/symposium-sur-lentreprise-sociale-2026\/#primaryimage"},"image":{"@id":"https:\/\/socialenterprisenb.ca\/fr\/symposium-sur-lentreprise-sociale-2026\/#primaryimage"},"thumbnailUrl":"https:\/\/s.w.org\/images\/core\/emoji\/17.0.2\/svg\/1f4c5.svg","datePublished":"2026-04-24T14:32:32+00:00","dateModified":"2026-04-29T18:24:52+00:00","breadcrumb":{"@id":"https:\/\/socialenterprisenb.ca\/fr\/symposium-sur-lentreprise-sociale-2026\/#breadcrumb"},"inLanguage":"fr-FR","potentialAction":[{"@type":"ReadAction","target":["https:\/\/socialenterprisenb.ca\/fr\/symposium-sur-lentreprise-sociale-2026\/"]}]},{"@type":"ImageObject","inLanguage":"fr-FR","@id":"https:\/\/socialenterprisenb.ca\/fr\/symposium-sur-lentreprise-sociale-2026\/#primaryimage","url":"https:\/\/s.w.org\/images\/core\/emoji\/17.0.2\/svg\/1f4c5.svg","contentUrl":"https:\/\/s.w.org\/images\/core\/emoji\/17.0.2\/svg\/1f4c5.svg"},{"@type":"BreadcrumbList","@id":"https:\/\/socialenterprisenb.ca\/fr\/symposium-sur-lentreprise-sociale-2026\/#breadcrumb","itemListElement":[{"@type":"ListItem","position":1,"name":"Home","item":"https:\/\/socialenterprisenb.ca\/fr\/"},{"@type":"ListItem","position":2,"name":"Symposium sur l\u2019entreprise sociale 2026"}]},{"@type":"WebSite","@id":"https:\/\/socialenterprisenb.ca\/#website","url":"https:\/\/socialenterprisenb.ca\/","name":"Social Enterprise New Brunswick","description":"Entreprise Sociale Nouveau-Brunswick","publisher":{"@id":"https:\/\/socialenterprisenb.ca\/#organization"},"potentialAction":[{"@type":"SearchAction","target":{"@type":"EntryPoint","urlTemplate":"https:\/\/socialenterprisenb.ca\/?s={search_term_string}"},"query-input":{"@type":"PropertyValueSpecification","valueRequired":true,"valueName":"search_term_string"}}],"inLanguage":"fr-FR"},{"@type":"Organization","@id":"https:\/\/socialenterprisenb.ca\/#organization","name":"Pond Deshpande Center","url":"https:\/\/socialenterprisenb.ca\/","logo":{"@type":"ImageObject","inLanguage":"fr-FR","@id":"https:\/\/socialenterprisenb.ca\/#\/schema\/logo\/image\/","url":"https:\/\/socialenterprisenb.ca\/wp-content\/uploads\/2023\/01\/PDC_Logo-01-1-e1674402763223.png","contentUrl":"https:\/\/socialenterprisenb.ca\/wp-content\/uploads\/2023\/01\/PDC_Logo-01-1-e1674402763223.png","width":1274,"height":408,"caption":"Pond Deshpande Center"},"image":{"@id":"https:\/\/socialenterprisenb.ca\/#\/schema\/logo\/image\/"},"sameAs":["https:\/\/www.facebook.com\/PondDeshpandeCentre"]}]}},"_links":{"self":[{"href":"https:\/\/socialenterprisenb.ca\/fr\/wp-json\/wp\/v2\/pages\/1816","targetHints":{"allow":["GET"]}}],"collection":[{"href":"https:\/\/socialenterprisenb.ca\/fr\/wp-json\/wp\/v2\/pages"}],"about":[{"href":"https:\/\/socialenterprisenb.ca\/fr\/wp-json\/wp\/v2\/types\/page"}],"author":[{"embeddable":true,"href":"https:\/\/socialenterprisenb.ca\/fr\/wp-json\/wp\/v2\/users\/8"}],"replies":[{"embeddable":true,"href":"https:\/\/socialenterprisenb.ca\/fr\/wp-json\/wp\/v2\/comments?post=1816"}],"version-history":[{"count":8,"href":"https:\/\/socialenterprisenb.ca\/fr\/wp-json\/wp\/v2\/pages\/1816\/revisions"}],"predecessor-version":[{"id":1887,"href":"https:\/\/socialenterprisenb.ca\/fr\/wp-json\/wp\/v2\/pages\/1816\/revisions\/1887"}],"wp:attachment":[{"href":"https:\/\/socialenterprisenb.ca\/fr\/wp-json\/wp\/v2\/media?parent=1816"}],"curies":[{"name":"wp","href":"https:\/\/api.w.org\/{rel}","templated":true}]}}